{"id":2913,"date":"2021-01-04T21:40:02","date_gmt":"2021-01-04T21:40:02","guid":{"rendered":"http:\/\/www.mediapreparators.com\/politica-de-privadesa\/"},"modified":"2023-02-15T18:21:39","modified_gmt":"2023-02-15T18:21:39","slug":"politica-de-privadesa","status":"publish","type":"page","link":"https:\/\/www.mediapreparators.com\/ca\/politica-de-privadesa\/","title":{"rendered":"Pol\u00edtica de Privadesa"},"content":{"rendered":"\n<p><strong>1.- INFORMACI\u00d3 GENERAL<\/strong><\/p>\n\n<p>Aquesta \u00abPol\u00edtica de privacitat i protecci\u00f3 de dades\u00bb t\u00e9 com a finalitat donar a con\u00e8ixer les condicions que regeixen la recollida i el tractament de dades personals per part de la nostra empresa per vetllar pels drets fonamentals, per l\u2019honor i per les llibertats, en compliment de les normatives vigents que regulen la protecci\u00f3 de dades personals, d\u2019acord amb el Reglament (UE) general de protecci\u00f3 de dades i Llei org\u00e0nica 3\/2018, de 5 de desembre, de protecci\u00f3 de dades personals i garantia dels drets digitals.<\/p>\n\n<p>De conformitat amb aquestes normatives, l\u2019informem de tots els detalls que puguin ser del seu inter\u00e8s sobre com duem a terme aquests processos i amb quines finalitats, sobre quines altres entitats poden tenir acc\u00e9s a les seves dades i sobre quins s\u00f3n els seus drets.<\/p>\n\n<p><strong>2.- RESPONSABLE DEL TRACTAMENT<\/strong><\/p>\n\n<p><strong>Qui recull i tracta les seves dades?<\/strong><\/p>\n\n<p>El responsable del Tractament de Dades \u00e9s aquella persona f\u00edsica o jur\u00eddica, de naturalesa p\u00fablica o privada, o \u00f2rgan administratiu, que sol o conjuntament amb altres determini les finalitats i mitjans del tractament de dades personals; en cas que els fins i mitjans del tractament estiguin determinats pel Dret de la Uni\u00f3 Europea o de l\u2019Estat Membre espanyol.<br\/>En aquest cas, les nostres dades identificatives s\u00f3n:<\/p>\n\n<p>Responsable del Tractament: R. ESPINAR, SL,<br\/>CIF: B58468992<br\/>Domicili: Avinguda del Vall\u00e8s, 322, Pol\u00edgon Industrial \u201cEls Bellots\u201d, 08227 Terrassa (Barcelona)<br\/>Correu electr\u00f2nic: raypa@raypa.com<br\/>Tel\u00e8fon: 937830720<\/p>\n\n<p><strong>3.- FINALITAT DEL TRACTAMENT<\/strong><\/p>\n\n<p>En alguns casos, necessitem el seu consentiment per tal de recollir i tractar les seves dades personals, motiu pel qual en detallem a continuaci\u00f3 els usos i finalitats previstos:<\/p>\n\n<p>\u2013 Comunicacions: Publicitat i comunicacions d\u2019activitats \u2013 Consultes i sol\u00b7licituds d\u2019informaci\u00f3: Donar resposta a la sol\u00b7licitud plantejada. \u2013 Sol\u00b7licituds d\u2019ocupaci\u00f3: participar en els processos de selecci\u00f3 de la companyia. \u2013 Clients i Prove\u00efdors: Gestionar la relaci\u00f3 negocial. \u2013 Persones de contacte de Clients i Prove\u00efdors: Mantenir relacions comercials amb les seves organitzacions.   <\/p>\n\n<p><strong>4.- LEGITIMACI\u00d3 DEL TRACTAMENT<\/strong><\/p>\n\n<p>La recollida i el tractament de dades estan sempre legitimats per diverses bases jur\u00eddiques, les quals detallem a continuaci\u00f3:<\/p>\n\n<p>\u2013 Comunicacions: en cas de clients un inter\u00e8s leg\u00edtim de m\u00e0rqueting directe (Art 21.2 Llei 34\/2002) En el cas de clients potencials, el consentiment expl\u00edcit de l\u2019interessat (art. 21.1 Llei 34\/2002). \u2013 Consultes i sol\u00b7licituds d\u2019informaci\u00f3: Un inter\u00e8s leg\u00edtim d\u2019atenci\u00f3 a client i \/ o interessats. \u2013 Sol\u00b7licituds d\u2019ocupaci\u00f3: el consentiment expl\u00edcit de l\u2019interessat \u2013 Clients i Prove\u00efdors: el compliment contractual. \u2013 Persones de contacte de Clients i Prove\u00efdors: Un inter\u00e8s leg\u00edtim del Responsable (Art 19 LOPDyGDD)   <\/p>\n\n<p>T\u00e9 dret a retirar el consentiment que ha donat en qualsevol moment.<\/p>\n\n<p><strong>5.- PROCED\u00c8NCIA I TIPUS DE DADES TRACTADES<\/strong><\/p>\n\n<p><strong>D\u2019on hem obtingut les seves dades?<\/strong><\/p>\n\n<p>Del mateix interessat o del seu representant legal.<\/p>\n\n<p><strong>Quins tipus de dades recollim i tractem?<\/strong><\/p>\n\n<p>\u2013 Dades d\u2019identificaci\u00f3. \u2013 Adre\u00e7a de correu electr\u00f2nic. \u2013 Adre\u00e7a postal. \u2013 NIF, NIE o passaport. \u2013 Nom i cognoms. \u2013 Tel\u00e8fon.     <\/p>\n\n<p>De les persones que sol\u00b7licitin feina es tractaran, a m\u00e9s, l\u2019experi\u00e8ncia laboral i les dades acad\u00e8miques que es descriguin al curr\u00edculum vitae.<\/p>\n\n<p>Dels clients i prove\u00efdors que siguin persones f\u00edsiques es tractaran, a m\u00e9s, les dades banc\u00e0ries.<\/p>\n\n<p><strong>6.- TERMINIS DE CONSERVACI\u00d3 DE LES DADES<\/strong><\/p>\n\n<p>Fem servir les seves dades durant el temps estrictament necessari que ens permeti complir les finalitats indicades anteriorment, i pot retirar el consentiment que ens ha donat en qualsevol moment, llevat que existeixi alguna obligaci\u00f3 o requeriment legal; i en tot cas:<\/p>\n\n<p>\u2013 Dades de comunicacions comercials: es tractaran fins que l\u2019interessat no manifesti el contrari. \u2013 Dades de consultes i sol\u00b7licituds d\u2019informaci\u00f3: els conservem durant un any des que es realitza la consulta o sol\u00b7licitud. \u2013 Dades dels sol\u00b7licitants d\u2019ocupaci\u00f3: els conservem durant un any des que es presenta el curr\u00edculum. \u2013 Dades de clients i prove\u00efdors: els conservem mentre duri la relaci\u00f3 contractual i fins als sis anys, d\u2019acord amb l\u2019article 30 del Codi de Comer\u00e7. \u2013 Dades de persones de contacte de clients i\/o prove\u00efdors: els conservem mentre duri la relaci\u00f3 contractual i fins a sis anys, d\u2019acord amb l\u2019article 30 del Codi de Comer\u00e7    <\/p>\n\n<p><strong>7.- MESURES DE SEGURETAT<\/strong><\/p>\n\n<p>Qu\u00e8 fem per garantir la privacitat de les dades?<\/p>\n\n<p>La nostra companyia adopta les mesures organitzatives i t\u00e8cniques necess\u00e0ries per tal de garantir la seguretat i la privacitat de les dades, evitar-ne l\u2019alteraci\u00f3, p\u00e8rdua i tractament o acc\u00e9s no autoritzats, tenint en compte l\u2019estat de la tecnologia, la naturalesa de les dades emmagatzemades i els riscos a qu\u00e8 s\u2019exposen.<\/p>\n\n<p>Entre d\u2019altres, destaquem les mesures seg\u00fcents:<\/p>\n\n<p>\u2013 Garantir la confidencialitat, integritat, disponibilitat i resili\u00e8ncia permanents dels sistemes i serveis de tractament. \u2013 Restaurar la disponibilitat i l\u2019acc\u00e9s a les dades personals de manera r\u00e0pida en cas d\u2019incident f\u00edsic o t\u00e8cnic. \u2013 Verificar, avaluar i valorar, de manera regular, l\u2019efic\u00e0cia de les mesures t\u00e8cniques i de les implementacions organitzatives per garantir la seguretat del tractament. \u2013 Pseudonimitzar i xifrar les dades personals, en cas que es tracti de dades sensibles.   <\/p>\n\n<p><strong>8.- DESTINATARIS DE LES SEVES DADES<\/strong><\/p>\n\n<p>L\u2019informem que no duem a terme comunicacions de les seves dades a terceres empreses ni transfer\u00e8ncies internacionals de dades personals fora de la Uni\u00f3 Europea.<\/p>\n\n<p><strong>9.- DRETS DELS INTERESSATS<\/strong><\/p>\n\n<p>La normativa vigent en mat\u00e8ria de protecci\u00f3 de dades l\u2019empara pel que fa a una s\u00e8rie de drets relacionats amb l\u2019\u00fas i el funcionament de les dades. Tots i cadascun d\u2019aquests drets s\u00f3n intransferibles i unipersonals, \u00e9s a dir, que nom\u00e9s poden ser exercits pel titular de les dades i amb comprovaci\u00f3 pr\u00e8via de la seva identitat. <\/p>\n\n<p>A continuaci\u00f3, li indiquem els drets als quals fem refer\u00e8ncia:<\/p>\n\n<p>\u2013 Acc\u00e9s: l\u2019interessat t\u00e9 dret a obtenir del responsable del tractament la confirmaci\u00f3 de si s\u2019estan tractant o no de les dades que l\u2019incumbeixen i informaci\u00f3 detallada sobre aspectes concrets del tractament que se n\u2019est\u00e0 duent terme.<\/p>\n\n<p>\u2013 Rectificaci\u00f3: l\u2019interessat t\u00e9 dret que es rectifiquin i que es completin les dades personals inexactes o incompletes que l\u2019incumbeixen.<\/p>\n\n<p>\u2013 Supressi\u00f3: L\u2019interessat tindr\u00e0 dret a sol\u00b7licitar la supressi\u00f3 de les seves dades personals, en tot cas la supressi\u00f3 estar\u00e0 subjecta als l\u00edmits que estableix la norma reguladora.<\/p>\n\n<p>\u2013 Limitaci\u00f3 del tractament: l\u2019interessat t\u00e9 dret a sol\u00b7licitar la limitaci\u00f3 respecte del tractament de les seves dades de car\u00e0cter personal.<\/p>\n\n<p>\u2013 Oposici\u00f3 al tractament: En determinades circumst\u00e0ncies i per motius relacionats amb la seva situaci\u00f3 particular, els interessats podran oposar-se al tractament de les seves dades. R. ESPINAR, SL deixar\u00e0 de tractar les seves dades, excepte per motius leg\u00edtims, imperiosos, o l\u2019exercici o la defensa de possibles reclamacions.<\/p>\n\n<p>\u2013 Dret a la portabilitat de les seves dades: \u00c9s a dir, tindr\u00e0 dret a rebre les dades personals que li incumbeixin, que hagi facilitat a un responsable del tractament, en un format estructurat, d\u2019\u00fas com\u00fa i lectura mec\u00e0nica ja transmetre\u2019ls a un altre responsable del tractament.<\/p>\n\n<p>\u2013 Dret a RETIRAR el seu consentiment en qualsevol moment<\/p>\n\n<p>\u2013 Dret a presentar una RECLAMACI\u00d3 en mat\u00e8ria de protecci\u00f3 de dades a l\u2019autoritat de control: l\u2019Ag\u00e8ncia Espanyola de Protecci\u00f3 de Dades.<\/p>\n\n<p><strong>Com pot exercir els seus drets en relaci\u00f3 a les seves dades?<\/strong><\/p>\n\n<p>Per a l\u2019exercici dels seus drets d\u2019acc\u00e9s, rectificaci\u00f3, supressi\u00f3, portabilitat, oposici\u00f3, limitaci\u00f3 del tractament i retirada del consentiment, pot dirigir-se per escrit a R. ESPINAR, S.L., Avinguda del Vall\u00e8s, 322, Pol\u00edgon Industrial \u201cEls Bellots\u201d, 08227 de Terrassa (Barcelona) o b\u00e9 a l\u2019adre\u00e7a de correu electr\u00f2nic rgpd@raypa.com.com, adjuntant, en tot cas, una c\u00f2pia del seu DNI, passaport o document equivalent que l\u2019identifiqui.<\/p>\n\n<p><strong>Com pot presentar una reclamaci\u00f3?<\/strong><\/p>\n\n<p>A m\u00e9s dels drets que l\u2019emparen, si creu que les seves dades no estan sent tractades de conformitat amb la normativa vigent de Protecci\u00f3 de Dades, podr\u00e0 presentar una reclamaci\u00f3 a l\u2019Autoritat de Control corresponent, les dades de contacte de la qual s\u00f3n:<\/p>\n\n<p>Ag\u00e8ncia Espanyola de Protecci\u00f3 de Dades, C \/. Jorge Juan, 6. 28001, Madrid, Espanya; E-mail: info@agpd.es \u2013 Tel\u00e8fon: 912663517 \u2013 Web: www.agpd.es  <\/p>\n","protected":false},"excerpt":{"rendered":"<p>1.- INFORMACI\u00d3 GENERAL Aquesta \u00abPol\u00edtica de privacitat i protecci\u00f3 de dades\u00bb t\u00e9 com a finalitat donar a con\u00e8ixer les condicions que regeixen la recollida i el tractament de dades personals per part de la nostra empresa per vetllar pels drets fonamentals, per l\u2019honor i per les llibertats, en compliment de les normatives vigents que regulen [&hellip;]<\/p>\n","protected":false},"author":9,"featured_media":0,"parent":0,"menu_order":0,"comment_status":"closed","ping_status":"closed","template":"","meta":{"footnotes":""},"class_list":["post-2913","page","type-page","status-publish","hentry"],"_links":{"self":[{"href":"https:\/\/www.mediapreparators.com\/ca\/wp-json\/wp\/v2\/pages\/2913","targetHints":{"allow":["GET"]}}],"collection":[{"href":"https:\/\/www.mediapreparators.com\/ca\/wp-json\/wp\/v2\/pages"}],"about":[{"href":"https:\/\/www.mediapreparators.com\/ca\/wp-json\/wp\/v2\/types\/page"}],"author":[{"embeddable":true,"href":"https:\/\/www.mediapreparators.com\/ca\/wp-json\/wp\/v2\/users\/9"}],"replies":[{"embeddable":true,"href":"https:\/\/www.mediapreparators.com\/ca\/wp-json\/wp\/v2\/comments?post=2913"}],"version-history":[{"count":0,"href":"https:\/\/www.mediapreparators.com\/ca\/wp-json\/wp\/v2\/pages\/2913\/revisions"}],"wp:attachment":[{"href":"https:\/\/www.mediapreparators.com\/ca\/wp-json\/wp\/v2\/media?parent=2913"}],"curies":[{"name":"wp","href":"https:\/\/api.w.org\/{rel}","templated":true}]}}