{"id":2915,"date":"2021-01-04T21:41:20","date_gmt":"2021-01-04T21:41:20","guid":{"rendered":"http:\/\/www.mediapreparators.com\/politica-de-xarxes-socials\/"},"modified":"2023-02-16T13:34:02","modified_gmt":"2023-02-16T13:34:02","slug":"politica-de-xarxes-socials","status":"publish","type":"page","link":"https:\/\/www.mediapreparators.com\/ca\/politica-de-xarxes-socials\/","title":{"rendered":"Pol\u00edtica de Xarxes Socials"},"content":{"rendered":"\n<h4 class=\"wp-block-heading\"><strong>1. Informaci\u00f3 sobre el responsable del tractament de les dades allotjades a la p\u00e0gina oficial de R. ESPINAR, SL, a la xarxa social<\/strong><\/h4>\n\n<p>De conformitat al deure d\u2019informaci\u00f3 establert en el Reglament (UE) 2016\/679 de 27 d\u2019abril (GDPR) i la Llei Org\u00e0nica 3\/2018, de 5 de desembre (LOPDGDD)RESPONSABLE, suposa que accepta expressament aquesta pol\u00edtica de privacitat i que d\u00f3na el consentiment per al tractament de les seves dades personals segons el que preveu la mateixa. <strong>R. ESPINAR, SL, <\/strong>des d\u2019ara el RESPONSABLE, desitja posar en coneixement dels usuaris de les nostres xarxes socials la pol\u00edtica respecte del tractament i protecci\u00f3 de les dades de car\u00e0cter personal d\u2019aquelles persones que volunt\u00e0riament accedeixen i utilitzen la p\u00e0gina oficial del <strong>RESPONSABLE, <\/strong>en la mateixa. L\u2019acc\u00e9s i \u00fas per l\u2019usuari d\u2019aquestes p\u00e0gines oficials del <strong>RESPONSABLE<\/strong>, suposa que accepta expressament aquesta pol\u00edtica de privacitat i que d\u00f3na el consentiment per al tractament de les seves dades personals segons el que preveu la mateixa. <\/p>\n\n<h4 class=\"wp-block-heading\"><strong>2. Dades de menors d&#8217;edat o incapaces<\/strong><\/h4>\n\n<p>L\u2019acc\u00e9s i registre en aquestes xarxes socials est\u00e0 prohibit als menors de catorze (14) anys, de manera que igualment queda prohibit l\u2019acc\u00e9s i \u00fas dels menors de catorze (14 anys) a la p\u00e0gina oficial del <strong>RESPONSABLE<\/strong>, en la mateixa. Per la seva banda, si l\u2019usuari \u00e9s incapa\u00e7, el  <strong>RESPONSABLE, <\/strong>adverteix que ser\u00e0 necess\u00e0ria l\u2019assist\u00e8ncia consentida de titular de la p\u00e0tria potestat o tutela de l\u2019usuari o el seu representant legal per a l\u2019acc\u00e9s i \u00fas d\u2019aquesta p\u00e0gina oficial del <strong>RESPONSABLE,<\/strong> Aquest quedar\u00e0 expressament exonerada de qualsevol responsabilitat que pogu\u00e9s derivar-se de l\u2019\u00fas de la seva p\u00e0gina oficial per menors i incapa\u00e7os sent dita responsabilitat dels seus representants legals en cada cas.<\/p>\n\n<h4 class=\"wp-block-heading\"><strong>3. Identificaci\u00f3 de la ra\u00f3 social del responsable del fitxer<\/strong><\/h4>\n\n<p>L\u2019usuari queda informat que el <strong>RESPONSABLE,<\/strong> amb domicili social a <strong>(Pol. Ind. Els Bellots) Av. del Vall\u00e8s, 322 <\/strong> <strong>&#8211; 08227 Terrassa (Barcelona)<\/strong>, ostenta la condici\u00f3 de responsable dels fitxers i tractaments a trav\u00e9s dels quals es recullen i s\u2019emmagatzemen les dades personals de l\u2019usuari com a conseq\u00fc\u00e8ncia del registre i \u00fas de les p\u00e0gines oficials del <strong>RESPONSABLE, <\/strong>en aquesta xarxa social, sense perjudici dels tractaments dels quals \u00e9s responsable l\u2019entitat titular de la xarxa social en la qual es troba la nostra p\u00e0gina oficial.<\/p>\n\n<h4 class=\"wp-block-heading\"><strong>4. Finalitats a qu\u00e8 es destinen les dades de car\u00e0cter personal, informaci\u00f3 i consentiment<\/strong><\/h4>\n\n<p>Les dades personals proporcionades volunt\u00e0riament per l\u2019usuari al <strong>RESPONSABLE, <\/strong>a trav\u00e9s de la seva p\u00e0gina oficial formaran part d\u2019un tractament de dades responsabilitat del <strong>RESPONSABLE, <\/strong>amb la finalitat d\u2019oferir informaci\u00f3 del <strong>RESPONSABLE, <\/strong>per e-mail, fax, SMS, MMS, comunitats socials o qualsevol altre mitj\u00e0 electr\u00f2nic o f\u00edsic, present o futur, que possibiliti realitzar comunicacions comercials, enviament de newsletter a aquells usuaris que se subscriguin, intercanviar informaci\u00f3 amb el <strong>RESPONSABLE, <\/strong>i d\u2019altres usuaris i establir comunicaci\u00f3 amb tercers.<\/p>\n\n<p>Des del moment en qu\u00e8 l\u2019usuari utilitza la present p\u00e0gina oficial presta el seu consentiment lliure, inequ\u00edvoc, espec\u00edfic, informat i expr\u00e9s per al tractament de les seves dades personals pel <strong>RESPONSABLE<\/strong>, per a la correcta prestaci\u00f3 d\u2019aquests serveis d\u2019acord amb el que estableix la present pol\u00edtica.<\/p>\n\n<p>L\u2019usuari \u00e9s lliure d\u2019utilitzar la p\u00e0gina oficial del <strong>RESPONSABLE<\/strong>, en aquestes xarxes socials, pel que en cas que l\u2019usuari no estigui d\u2019acord amb el tractament de les seves dades amb aquestes finalitats, no haur\u00e0 de fer-les servir ni proporcionar les seves dades personals.<\/p>\n\n<p>A trav\u00e9s d\u2019aquestes p\u00e0gines oficials del <strong>RESPONSABLE<\/strong>, l\u2019usuari pot compartir textos, fotos, v\u00eddeos i altre tipus d\u2019informaci\u00f3 i \/ o continguts que estaran subjectes tant a la present pol\u00edtica com a les Normes i Condicions de la<\/p>\n\n<p>Plataforma. L\u2019usuari ser\u00e0 responsable que tots els continguts que publiqui respectin la legislaci\u00f3 vigent, la present pol\u00edtica i les Normes de la Plataforma. <\/p>\n\n<p>L\u2019usuari \u00fanicament podr\u00e0 publicar en aquestes p\u00e0gines oficials del <strong>RESPONSABLE<\/strong>, dades personals, fotografies i informacions o d\u2019altres continguts la titularitat i propietat li pertanyin o respecte de les quals ostenti l\u2019autoritzaci\u00f3 de tercers.<\/p>\n\n<p>El <strong>RESPONSABLE<\/strong>, tindr\u00e0 dret a eliminar de la present p\u00e0gina oficial -de forma unilateral i sense pr\u00e8via comunicaci\u00f3 ni autoritzaci\u00f3 de l\u2019usuari-qualssevol contingut publicat per l\u2019usuari quan l\u2019usuari infringeixi o vulneri la legislaci\u00f3 vigent, les normes establertes en la present pol\u00edtica i les Normes de la plataforma.<\/p>\n\n<h4 class=\"wp-block-heading\"><strong>5. Identificaci\u00f3 dels destinataris respecte dels quals el RESPONSABLE tingui previst la realitzaci\u00f3 de cessions o comunicacions de dades<\/strong><\/h4>\n\n<p>S\u2019adverteix a l\u2019usuari que tota la informaci\u00f3 i continguts que publiqui a les p\u00e0gines oficials del <strong>RESPONSABLE<\/strong>, podr\u00e0 ser coneguda pels restants usuaris de les p\u00e0gines oficials i de la plataforma de xarxa social. En conseq\u00fc\u00e8ncia, tota la informaci\u00f3 i continguts publicats per l\u2019usuari en la p\u00e0gina oficial del <strong>RESPONSABLE<\/strong>, en aquesta xarxa social ser\u00e0 objecte de comunicaci\u00f3 a la resta dels usuaris per la pr\u00f2pia naturalesa del servei. <\/p>\n\n<p>El <strong>RESPONSABLE<\/strong> \u00fanicament t\u00e9 prevista la realitzaci\u00f3 de cessions o comunicacions de dades que per ra\u00f3 de la normativa vigent hagi de realitzar a jutges, tribunals, administracions p\u00fabliques i autoritats competents de car\u00e0cter administratiu.<\/p>\n\n<h4 class=\"wp-block-heading\"><strong>6. Altres tercers prestadors de serveis<\/strong><\/h4>\n\n<p>El <strong>RESPONSABLE,<\/strong> adverteix a l&#8217;usuari que aquesta entitat nom\u00e9s \u00e9s responsable i garanteix la confidencialitat, seguretat i tractament de les dades d&#8217;acord amb aquesta pol\u00edtica, respecte de les dades de car\u00e0cter personal que reculli de l&#8217;usuari a trav\u00e9s de la present p\u00e0gina oficial en aquesta xarxa social, no tenint cap tipus de responsabilitat respecte dels tractaments i posteriors utilitzacions de les dades personals que poguessin efectuar-se tant pel titular de la xarxa social com per tercers prestadors de serveis de la societat de la informaci\u00f3 que poguessin accedir a tals dades per ra\u00f3 de la prestaci\u00f3 dels seus serveis o exercici de la seva activitat, tercers que estableixin hiperenlla\u00e7os a la xarxa social, ni d&#8217;aquells responsables a qui a trav\u00e9s d&#8217;hiperenlla\u00e7os <strong>RESPONSABLE,<\/strong> remet als usuaris adherits a la present p\u00e0gina oficial.<\/p>\n\n<h4 class=\"wp-block-heading\"><strong>7. Qualitat de les dades<\/strong><\/h4>\n\n<p>El <strong>RESPONSABLE<\/strong> adverteix a l\u2019usuari que, llevat de l\u2019exist\u00e8ncia d\u2019una representaci\u00f3 legalment constitu\u00efda, cap usuari pot utilitzar la identitat d\u2019una altra persona i comunicar les seves dades personals, de manera que l\u2019usuari en tot moment haur\u00e0 de tenir en compte que nom\u00e9s pot proporcionar dades personals corresponents a la seva pr\u00f2pia identitat i que siguin adequades, pertinents, actuals, exactes i veritables. En qualsevol cas, l\u2019usuari haur\u00e0 de respectar la privacitat de tercers, siguin aquests usuaris o no de la xarxa social o de la p\u00e0gina oficial del <strong>RESPONSABLE<\/strong> en la mateixa.  <\/p>\n\n<h4 class=\"wp-block-heading\"><strong>8. Drets que assisteixen a l&#8217;interessat:<\/strong><\/h4>\n\n<p>Dret a retirar el consentiment en qualsevol moment.<br\/>Dret d&#8217;acc\u00e9s, rectificaci\u00f3, portabilitat i supressi\u00f3 de les vostres dades ia la limitaci\u00f3 o oposici\u00f3 al tractament.<img decoding=\"async\" src=\"\" width=\"3\" height=\"4\" alt=\"\" title=\"\"><br\/>Dret a presentar una reclamaci\u00f3 davant de l&#8217;Autoritat de control (www.aepd.es.) si considera que el tractament no s&#8217;ajusta a la normativa vigent.<\/p>\n\n<h4 class=\"wp-block-heading\"><strong>9. Una altra informaci\u00f3 d&#8217;inter\u00e8s<\/strong><\/h4>\n\n<p>El <strong>RESPONSABLE<\/strong> podr\u00e0 modificar i\/o substituir en qualsevol moment aquesta pol\u00edtica que, segons els casos, substituir\u00e0, completar\u00e0 i\/o modificar\u00e0 l&#8217;actualment publicada aqu\u00ed recollida. Per aix\u00f2 l&#8217;usuari haur\u00e0 d&#8217;accedir-hi peri\u00f2dicament a fi de mantenir-se actualitzat. <\/p>\n\n<p>L&#8217;usuari pot contactar amb el <strong>RESPONSABLE,<\/strong> mitjan\u00e7ant el servei de missatgeria interna de la xarxa social o mitjan\u00e7ant les seg\u00fcents adreces i dades de contacte:<\/p>\n\n<p><strong>R. ESPINAR, SL<\/strong><br\/><a href=\"mailto:teresaespinar@raypa.com\" class=\"rank-math-link\">teresaespinar@raypa.com<\/a><\/p>\n\n<p>Aix\u00ed mateix, l&#8217;usuari pot consultar les normes i pol\u00edtiques publicades pel titular de la xarxa social per a l&#8217;\u00fas de la mateixa.<\/p>\n","protected":false},"excerpt":{"rendered":"<p>1. Informaci\u00f3 sobre el responsable del tractament de les dades allotjades a la p\u00e0gina oficial de R. ESPINAR, SL, a la xarxa social De conformitat al deure d\u2019informaci\u00f3 establert en el Reglament (UE) 2016\/679 de 27 d\u2019abril (GDPR) i la Llei Org\u00e0nica 3\/2018, de 5 de desembre (LOPDGDD)RESPONSABLE, suposa que accepta expressament aquesta pol\u00edtica de [&hellip;]<\/p>\n","protected":false},"author":9,"featured_media":0,"parent":0,"menu_order":0,"comment_status":"closed","ping_status":"closed","template":"","meta":{"footnotes":""},"class_list":["post-2915","page","type-page","status-publish","hentry"],"_links":{"self":[{"href":"https:\/\/www.mediapreparators.com\/ca\/wp-json\/wp\/v2\/pages\/2915","targetHints":{"allow":["GET"]}}],"collection":[{"href":"https:\/\/www.mediapreparators.com\/ca\/wp-json\/wp\/v2\/pages"}],"about":[{"href":"https:\/\/www.mediapreparators.com\/ca\/wp-json\/wp\/v2\/types\/page"}],"author":[{"embeddable":true,"href":"https:\/\/www.mediapreparators.com\/ca\/wp-json\/wp\/v2\/users\/9"}],"replies":[{"embeddable":true,"href":"https:\/\/www.mediapreparators.com\/ca\/wp-json\/wp\/v2\/comments?post=2915"}],"version-history":[{"count":0,"href":"https:\/\/www.mediapreparators.com\/ca\/wp-json\/wp\/v2\/pages\/2915\/revisions"}],"wp:attachment":[{"href":"https:\/\/www.mediapreparators.com\/ca\/wp-json\/wp\/v2\/media?parent=2915"}],"curies":[{"name":"wp","href":"https:\/\/api.w.org\/{rel}","templated":true}]}}