{"id":404,"date":"2021-01-04T21:41:20","date_gmt":"2021-01-04T21:41:20","guid":{"rendered":"https:\/\/ktk.idomkt.com\/MP\/politica-de-redes-sociales\/"},"modified":"2023-02-17T15:02:47","modified_gmt":"2023-02-17T15:02:47","slug":"politica-de-redes-sociales","status":"publish","type":"page","link":"https:\/\/www.mediapreparators.com\/fr\/politica-de-redes-sociales\/","title":{"rendered":"Politique des m\u00e9dias sociaux"},"content":{"rendered":"\n<h4 class=\"wp-block-heading\"><strong>1. Informations sur la personne responsable du traitement des donn\u00e9es h\u00e9berg\u00e9es sur la page officielle de R. ESPINAR, SL, sur le r\u00e9seau social<\/strong><\/h4>\n\n<p>Conform\u00e9ment au devoir d&rsquo;information \u00e9tabli dans le r\u00e8glement (UE) 2016\/679 du 27 avril (GDPR) et la loi organique 3\/2018 du 5 d\u00e9cembre (LOPDGDD) <strong>R. ESPINAR, S.L., <\/strong>ci-apr\u00e8s le Responsable, souhaite informer les utilisateurs de ce r\u00e9seau social de la politique de traitement et de protection des donn\u00e9es personnelles des personnes qui acc\u00e8dent et utilisent volontairement la page officielle du <strong>RESPONSABLE, <\/strong>sur ce r\u00e9seau. En acc\u00e9dant au site officiel du <strong>RESPONSABLE<\/strong> pour l\u2019utiliser, l\u2019utilisateur accepte express\u00e9ment cette politique de confidentialit\u00e9 et consent au traitement de ses donn\u00e9es personnelles conform\u00e9ment aux dispositions de celle-ci. <\/p>\n\n<h4 class=\"wp-block-heading\"><strong>2. Donn\u00e9es des mineurs ou des personnes incapables<\/strong><\/h4>\n\n<p>L\u2019acc\u00e8s et l\u2019inscription \u00e0 ce r\u00e9seau social sont interdits aux mineurs de moins de quatorze (14) ans, de sorte qu\u2019il est \u00e9galement interdit aux mineurs de moins de quatorze (14) ans d\u2019acc\u00e9der et d\u2019utiliser la page officielle du <strong>RESPONSABLE<\/strong> sur ce m\u00eame r\u00e9seau. Pour sa part, si l\u2019utilisateur a le statut d\u2019incapable, le  <strong>RESPONSABLE, <\/strong>informe que l\u2019assistance consentie du titulaire de l\u2019autorit\u00e9 parentale ou de la tutelle de l\u2019utilisateur ou de son repr\u00e9sentant l\u00e9gal sera requise pour l\u2019acc\u00e8s et l\u2019utilisation de ce site officiel du <strong>RESPONSABLE,<\/strong> ce dernier est express\u00e9ment exon\u00e9r\u00e9 de toute responsabilit\u00e9 si son site officiel est utilis\u00e9 par des mineurs et des personnes handicap\u00e9es, cette responsabilit\u00e9 incombant dans chaque cas \u00e0 leurs repr\u00e9sentants l\u00e9gaux.<\/p>\n\n<h4 class=\"wp-block-heading\"><strong>3. Identification de la raison sociale de la personne responsable du dossier<\/strong><\/h4>\n\n<p>L\u2019utilisateur est inform\u00e9 que le <strong>RESPONSABLE,<\/strong> dont le si\u00e8ge social est situ\u00e9 \u00e0 <strong>(Pol. Ind. Els Bellots) Avda. del Vall\u00e8s, 322 <\/strong> <strong>&#8211; 08227 Terrassa (Barcelone)<\/strong>, est l\u2019administrateur des fichiers et des proc\u00e9dures utilis\u00e9s pour collect\u00e9es et stock\u00e9es les donn\u00e9es personnelles de l\u2019utilisateur apr\u00e8s qu\u2019il se soit inscrit \u00e0 la page officielle du <strong>RESPONSABLE, <\/strong>sur ce r\u00e9seau social et qu\u2019il se mette \u00e0 l\u2019utiliser, sans pr\u00e9judice du traitement dont est responsable l\u2019entit\u00e9 propri\u00e9taire du r\u00e9seau social sur lequel se trouve notre page officielle.<\/p>\n\n<h4 class=\"wp-block-heading\"><strong>4. Fins auxquelles les donn\u00e9es personnelles sont utilis\u00e9es, information et consentement<\/strong><\/h4>\n\n<p>Les donn\u00e9es personnelles fournies volontairement par l&rsquo;utilisateur \u00e0 <strong>RESPONSABLE, <\/strong>par le biais son site officiel, feront partie d\u2019un traitement de donn\u00e9es plac\u00e9e sous la responsabilit\u00e9 du <strong>RESPONSABLE, <\/strong>dans le but de proposer des informations du <strong>RESPONSABLE, <\/strong>par message \u00e9lectronique, fax, SMS, MMS, communaut\u00e9s sociales ou tout autre moyen \u00e9lectronique ou physique, pr\u00e9sent ou futur, qui permet la communication commerciale, d\u2019envoyer des newsletters aux utilisateurs qui s\u2019y inscrivent, d\u2019\u00e9changer des informations avec le <strong>RESPONSABLE, <\/strong>et d\u2019autres utilisateurs et d\u2019\u00e9tablir une communication avec des tiers.<\/p>\n\n<p>A partir du moment o\u00f9 l&rsquo;utilisateur utilise cette page officielle, il donne son consentement libre, sans \u00e9quivoque, sp\u00e9cifique, \u00e9clair\u00e9 et expr\u00e8s pour le traitement de ses donn\u00e9es personnelles par le<strong> RESPONSABLE,<\/strong> pour la fourniture correcte desdits services conform\u00e9ment aux dispositions de cette politique.<\/p>\n\n<p>L&rsquo;utilisateur est libre d&rsquo;utiliser le site officiel du<strong> RESPONSABLE,<\/strong> dans ce r\u00e9seau social, de sorte que si l&rsquo;utilisateur n&rsquo;est pas d&rsquo;accord avec le traitement de ses donn\u00e9es \u00e0 ces fins, il ne doit pas l&rsquo;utiliser ou fournir ses donn\u00e9es personnelles.<\/p>\n\n<p>\u00c0 travers le pr\u00e9sent site officiel du <strong>RESPONSABLE<\/strong>, l\u2019utilisateur peut partager des textes, des photos, des vid\u00e9os et d\u2019autres types d\u2019informations et\/ou de contenus qui seront soumis \u00e0 la fois \u00e0 la pr\u00e9sente politique et aux r\u00e8gles g\u00e9n\u00e9rales de la<\/p>\n\n<p>plateforme. Les utilisateurs sont tenus de s\u2019assurer que tout le contenu qu\u2019ils publient est conforme \u00e0 la l\u00e9gislation en vigueur, \u00e0 la pr\u00e9sente politique et aux r\u00e8gles de la plate-forme. <\/p>\n\n<p>L\u2019utilisateur ne peut publier sur ce site officiel du <strong>RESPONSABLE<\/strong> que des donn\u00e9es personnelles, des photographies et des informations ou tout autre contenu dont la propri\u00e9t\u00e9 lui appartient ou pour lesquels il a l\u2019autorisation de tiers.<\/p>\n\n<p>Le <strong>RESPONSABLE,<\/strong> aura le droit de supprimer de ce site officiel, unilat\u00e9ralement et sans communication ou autorisation pr\u00e9alable de l\u2019utilisateur, tout contenu publi\u00e9 par l\u2019utilisateur lorsque celui-ci enfreint ou viole la l\u00e9gislation en vigueur, les r\u00e8gles \u00e9tablies dans la pr\u00e9sente politique et le r\u00e8glement de la plate-forme.<\/p>\n\n<h4 class=\"wp-block-heading\"><strong>5. Identification des destinataires auxquels le RESPONSABLE a l\u2019intention de transf\u00e9rer ou de communiquer des donn\u00e9es.<\/strong><\/h4>\n\n<p>L\u2019utilisateur est pri\u00e9 de noter que toutes les informations et tous les contenus publi\u00e9s sur la page officielle du <strong>RESPONSABLE<\/strong> sur le r\u00e9seau social peuvent \u00eatre consult\u00e9s les autres utilisateurs de la page officielle et de la plateforme du r\u00e9seau social. Par cons\u00e9quent, l\u2019ensemble des informations et contenus publi\u00e9s par l\u2019utilisateur sur la page officielle du <strong>RESPONSABLE<\/strong> sur ce r\u00e9seau social seront communiqu\u00e9s au reste des utilisateurs en raison de la nature m\u00eame du service. <\/p>\n\n<p>Le <strong>RESPONSABLE<\/strong> n\u2019entend transf\u00e9rer ou communiquer les donn\u00e9es qu\u2019aux juges, tribunaux, administrations publiques et autorit\u00e9s administratives comp\u00e9tentes, conform\u00e9ment \u00e0 la r\u00e9glementation en vigueur.<\/p>\n\n<h4 class=\"wp-block-heading\"><strong>6. Autres fournisseurs de services tiers<\/strong><\/h4>\n\n<p>Le <strong>RESPONSABLE<\/strong>, informe l\u2019utilisateur que cette entit\u00e9 est uniquement l\u2019administrateur et ne garantit que la confidentialit\u00e9, la s\u00e9curit\u00e9 et le traitement des donn\u00e9es conform\u00e9ment \u00e0 la pr\u00e9sente politique, en ce qui concerne les donn\u00e9es personnelles recueillies aupr\u00e8s de l\u2019utilisateur \u00e0 travers cette page officielle sur ce r\u00e9seau social, et n\u2019est en aucun cas responsable du traitement et de l\u2019utilisation ult\u00e9rieure des donn\u00e9es personnelles qui peuvent \u00eatre effectu\u00e9s tant par le propri\u00e9taire du r\u00e9seau social que par les tiers fournisseurs de services de la soci\u00e9t\u00e9 de l\u2019information qui peuvent acc\u00e9der \u00e0 ces donn\u00e9es en raison de la prestation de leurs services ou de l\u2019exercice de leur activit\u00e9, les tiers qui \u00e9tablissent des hyperliens vers le r\u00e9seau social, ou les responsables auxquels par le biais des hyperliens, le <strong>RESPONSABLE<\/strong>, renvoie les utilisateurs adh\u00e9rents vers ce site officiel.  <\/p>\n\n<h4 class=\"wp-block-heading\"><strong>7. Qualit\u00e9 des donn\u00e9es<\/strong><\/h4>\n\n<p>Le <strong>RESPONSABLE<\/strong>, avertit l\u2019utilisateur que, sauf existence d\u2019une repr\u00e9sentation l\u00e9galement constitu\u00e9e, aucun utilisateur ne peut utiliser l\u2019identit\u00e9 d\u2019une autre personne et communiquer ses donn\u00e9es personnelles, de sorte que l\u2019utilisateur doit \u00e0 tout moment garder \u00e0 l\u2019esprit qu\u2019il ne peut fournir que des donn\u00e9es personnelles correspondant \u00e0 sa propre identit\u00e9 et qui sont ad\u00e9quates, pertinentes, actuelles, exactes et vraies. Dans tous les cas, l\u2019utilisateur doit respecter la vie priv\u00e9e des tiers, qu\u2019ils soient ou non utilisateurs du r\u00e9seau social ou de la page officielle du <strong>RESPONSABLE<\/strong> sur celui-ci.  <\/p>\n\n<h4 class=\"wp-block-heading\"><strong>8. Droits qui aident la partie int\u00e9ress\u00e9e:<\/strong><\/h4>\n\n<p>Droit de r\u00e9voquer le consentement donn\u00e9 \u00e0 tout moment.<br\/>Droit d\u2019acc\u00e8s, de rectification, de portabilit\u00e9 et d\u2019effacement de vos donn\u00e9es et le droit de limiter ou de s\u2019opposer \u00e0 leur traitement.<img decoding=\"async\" src=\"\" width=\"3\" height=\"4\" alt=\"\" title=\"\"><br\/>Droit d\u2019introduire une r\u00e9clamation aupr\u00e8s de l\u2019autorit\u00e9 de contr\u00f4le (www.aepd.es.) si vous estimez que le traitement n\u2019est pas conforme \u00e0 la r\u00e9glementation en vigueur.<\/p>\n\n<h4 class=\"wp-block-heading\"><strong>9. Autres informations pertinentes<\/strong><\/h4>\n\n<p>Le <strong>RESPONSABLE<\/strong> peut modifier et\/ou remplacer la pr\u00e9sente politique \u00e0 tout moment, ce qui, le cas \u00e9ch\u00e9ant, remplacera, compl\u00e9tera et\/ou modifiera la politique actuellement publi\u00e9e ici. Pour cette raison, l\u2019utilisateur doit y acc\u00e9der p\u00e9riodiquement afin d\u2019avoir des informations actualis\u00e9es. <\/p>\n\n<p>L\u2019utilisateur peut contacter le <strong>RESPONSABLE<\/strong>, via la messagerie interne du r\u00e9seau social ou via les adresses et coordonn\u00e9es suivantes:<\/p>\n\n<p><strong>R. ESPINAR, SL<\/strong><br\/><a href=\"mailto:teresaespinar@raypa.com\" class=\"rank-math-link\">teresaespinar@raypa.com<\/a><\/p>\n\n<p>L\u2019utilisateur peut \u00e9galement consulter les r\u00e8gles et politiques publi\u00e9es par le propri\u00e9taire du r\u00e9seau social pour l\u2019utilisation de ce dernier.<\/p>\n","protected":false},"excerpt":{"rendered":"<p>1. Informations sur la personne responsable du traitement des donn\u00e9es h\u00e9berg\u00e9es sur la page officielle de R. ESPINAR, SL, sur le r\u00e9seau social Conform\u00e9ment au devoir d&rsquo;information \u00e9tabli dans le r\u00e8glement (UE) 2016\/679 du 27 avril (GDPR) et la loi organique 3\/2018 du 5 d\u00e9cembre (LOPDGDD) R. ESPINAR, S.L., ci-apr\u00e8s le Responsable, souhaite informer les [&hellip;]<\/p>\n","protected":false},"author":9,"featured_media":0,"parent":0,"menu_order":0,"comment_status":"closed","ping_status":"closed","template":"","meta":{"footnotes":""},"class_list":["post-404","page","type-page","status-publish","hentry"],"_links":{"self":[{"href":"https:\/\/www.mediapreparators.com\/fr\/wp-json\/wp\/v2\/pages\/404","targetHints":{"allow":["GET"]}}],"collection":[{"href":"https:\/\/www.mediapreparators.com\/fr\/wp-json\/wp\/v2\/pages"}],"about":[{"href":"https:\/\/www.mediapreparators.com\/fr\/wp-json\/wp\/v2\/types\/page"}],"author":[{"embeddable":true,"href":"https:\/\/www.mediapreparators.com\/fr\/wp-json\/wp\/v2\/users\/9"}],"replies":[{"embeddable":true,"href":"https:\/\/www.mediapreparators.com\/fr\/wp-json\/wp\/v2\/comments?post=404"}],"version-history":[{"count":0,"href":"https:\/\/www.mediapreparators.com\/fr\/wp-json\/wp\/v2\/pages\/404\/revisions"}],"wp:attachment":[{"href":"https:\/\/www.mediapreparators.com\/fr\/wp-json\/wp\/v2\/media?parent=404"}],"curies":[{"name":"wp","href":"https:\/\/api.w.org\/{rel}","templated":true}]}}